{"id":9638,"date":"2024-12-13T19:29:37","date_gmt":"2024-12-13T18:29:37","guid":{"rendered":"https:\/\/127.0.0.1\/AeC\/?page_id=9638"},"modified":"2025-06-22T11:05:14","modified_gmt":"2025-06-22T09:05:14","slug":"point-meteo","status":"publish","type":"page","link":"https:\/\/www.lesarcsenciel.fr\/AeC\/outils\/point-meteo\/","title":{"rendered":"Point m\u00e9t\u00e9o"},"content":{"rendered":"<p><a href=\"https:\/\/www.youtube.com\/watch?v=pGOzhOty8Vk&amp;t=1779s\" target=\"_blank\" rel=\"noopener\">Arthur Meyer<\/a> propose suite \u00e0 un stage en 2024, une vid\u00e9o sur une m\u00e9thodologie pour faire un point m\u00e9t\u00e9o en parapente.<\/p>\n<p>Quelques sites utilis\u00e9s dans son tuto:<\/p>\n<p><a href=\"https:\/\/www.windy.com\/?45.288,5.771,11,m:eUDagky\" target=\"_blank\" rel=\"noopener\">Windy pour simuler le contexte, le vent m\u00e9t\u00e9o, la brise.<\/a><br \/>\n<a href=\"https:\/\/meteofrance.com\/isofronts\" target=\"_blank\" rel=\"noopener\">M\u00e9to france pour visualiser la frontologie.<\/a><br \/>\n<a href=\"https:\/\/www.meteoblue.com\/fr\/meteo\/semaine\/voreppe_france_2967695\" target=\"_blank\" rel=\"noopener\">M\u00e9t\u00e9oblue pour ses m\u00e9t\u00e9ogrammes.<\/a><br \/>\n<a href=\"https:\/\/www.meteociel.fr\/previsions-haute-altitude-arome-1h\/13713\/voreppe.htm\" target=\"_blank\" rel=\"noopener\">M\u00e9t\u00e9ociel pour calculer l&rsquo;instabilit\u00e9.<\/a><br \/>\n<a href=\"https:\/\/www.velivole.fr\/?center_lat=45.32&amp;center_long=5.405&amp;zoom=10.68&amp;selected_lat=45.285&amp;selected_long=5.635\" target=\"_blank\" rel=\"noopener\">V\u00e9livol pour ses \u00e9magrammes.<\/a><br \/>\n<a href=\"https:\/\/www.google.com\/maps\/d\/u\/0\/viewer?fbclid=IwY2xjawFGgaZleHRuA2FlbQIxMAABHdQ8KSUYHJgjnXm_77YNrEdoYjPYOhe8EoQmOQwFdipdIBtdkDwO0kiZ2A_aem_c53uBY6Gf54IcK9pvN1M2w&amp;mid=1LZ-3QtkG48alQEQfushGC6d_bAS9Y7o&amp;ll=45.51990985901474%2C6.215012940721643&amp;z=8&amp;entry=yt\" target=\"_blank\" rel=\"noopener\">Google pour visualiser les brises de vall\u00e9es.<\/a><br \/>\n<a href=\"https:\/\/meteo-parapente.com\/#\/45.2902,5.6365,13\" target=\"_blank\" rel=\"noopener\">M\u00e9t\u00e9o parapente pour confronter le tout.<\/a><\/p>\n<p>&nbsp;<\/p>\n<p>Le tuto complet pour exploiter les sites:<\/p>\n<p><iframe loading=\"lazy\" title=\"M\u00e9thodologie pour faire son point m\u00e9t\u00e9o en Parapente !\" width=\"525\" height=\"295\" src=\"https:\/\/www.youtube.com\/embed\/pGOzhOty8Vk?feature=oembed\" frameborder=\"0\" allow=\"accelerometer; autoplay; clipboard-write; encrypted-media; gyroscope; picture-in-picture; web-share\" referrerpolicy=\"strict-origin-when-cross-origin\" allowfullscreen><\/iframe><\/p>\n","protected":false},"excerpt":{"rendered":"<p>Arthur Meyer propose suite \u00e0 un stage en 2024, une vid\u00e9o sur une m\u00e9thodologie pour faire un point m\u00e9t\u00e9o en parapente. Quelques sites utilis\u00e9s dans son tuto: Windy pour simuler le contexte, le vent m\u00e9t\u00e9o, la brise. M\u00e9to france pour visualiser la frontologie. M\u00e9t\u00e9oblue pour ses m\u00e9t\u00e9ogrammes. M\u00e9t\u00e9ociel pour calculer l&rsquo;instabilit\u00e9. V\u00e9livol pour ses \u00e9magrammes. &hellip; <\/p>\n<p class=\"link-more\"><a href=\"https:\/\/www.lesarcsenciel.fr\/AeC\/outils\/point-meteo\/\" class=\"more-link\">Continuer la lecture<span class=\"screen-reader-text\"> de &laquo;&nbsp;Point m\u00e9t\u00e9o&nbsp;&raquo;<\/span><\/a><\/p>\n","protected":false},"author":2,"featured_media":0,"parent":9662,"menu_order":0,"comment_status":"closed","ping_status":"closed","template":"","meta":{"_seopress_robots_primary_cat":"","_seopress_titles_title":"","_seopress_titles_desc":"","_seopress_robots_index":"","footnotes":""},"class_list":["post-9638","page","type-page","status-publish","hentry"],"_links":{"self":[{"href":"https:\/\/www.lesarcsenciel.fr\/AeC\/wp-json\/wp\/v2\/pages\/9638","targetHints":{"allow":["GET"]}}],"collection":[{"href":"https:\/\/www.lesarcsenciel.fr\/AeC\/wp-json\/wp\/v2\/pages"}],"about":[{"href":"https:\/\/www.lesarcsenciel.fr\/AeC\/wp-json\/wp\/v2\/types\/page"}],"author":[{"embeddable":true,"href":"https:\/\/www.lesarcsenciel.fr\/AeC\/wp-json\/wp\/v2\/users\/2"}],"replies":[{"embeddable":true,"href":"https:\/\/www.lesarcsenciel.fr\/AeC\/wp-json\/wp\/v2\/comments?post=9638"}],"version-history":[{"count":5,"href":"https:\/\/www.lesarcsenciel.fr\/AeC\/wp-json\/wp\/v2\/pages\/9638\/revisions"}],"predecessor-version":[{"id":9890,"href":"https:\/\/www.lesarcsenciel.fr\/AeC\/wp-json\/wp\/v2\/pages\/9638\/revisions\/9890"}],"up":[{"embeddable":true,"href":"https:\/\/www.lesarcsenciel.fr\/AeC\/wp-json\/wp\/v2\/pages\/9662"}],"wp:attachment":[{"href":"https:\/\/www.lesarcsenciel.fr\/AeC\/wp-json\/wp\/v2\/media?parent=9638"}],"curies":[{"name":"wp","href":"https:\/\/api.w.org\/{rel}","templated":true}]}}