{"id":9620,"date":"2024-12-13T18:01:38","date_gmt":"2024-12-13T17:01:38","guid":{"rendered":"https:\/\/127.0.0.1\/AeC\/?page_id=9620"},"modified":"2025-06-22T11:02:42","modified_gmt":"2025-06-22T09:02:42","slug":"videos","status":"publish","type":"page","link":"https:\/\/www.lesarcsenciel.fr\/AeC\/les-medias\/videos\/","title":{"rendered":"Vid\u00e9os"},"content":{"rendered":"<h1>Les AEC \u00e9taient au championnat d&rsquo;Europe 2024 de pr\u00e9cision d&rsquo;atterrissage<\/h1>\r\n\n\t<!-- Begin Video.js -->\n\t<video id=\"example_video_id_726962431\" class=\"video-js vjs-default-skin\" width=\"640\" height=\"264\" poster=\"https:\/\/www.lesarcsenciel.fr\/AeC\/wp-content\/uploads\/2024\/12\/Capture.jpg\" controls preload=\"none\" data-setup='[]'>\n\t\t<source src=\"https:\/\/www.lesarcsenciel.fr\/AeC\/wp-content\/uploads\/2024\/12\/94495faf-e17b-4521-b8af-29a9d24bd310.mov\" type='video\/mp4' \/>\n\t\t\n\t\t\n\t<\/video>\n\t<!-- End Video.js -->\n\r\n<h1>Initiation au parapente organis\u00e9e par le club pour les jeunes de Voreppe le 30 Aout 2024<\/h1>\r\n<p>Montage r\u00e9alis\u00e9 par Xavier RIVET. Allez vous son site <a href=\"https:\/\/www.youtube.com\/@gzavrivet\">You tube<\/a> pour une vid\u00e9o avec une meilleure r\u00e9solution.<\/p>\r\n\n\t<!-- Begin Video.js -->\n\t<video id=\"example_video_id_1932795361\" class=\"video-js vjs-default-skin\" width=\"640\" height=\"264\" controls preload=\"none\" data-setup='[]'>\n\t\t<source src=\"https:\/\/www.lesarcsenciel.fr\/AeC\/wp-content\/uploads\/2024\/12\/stageparapente.mp4\" type='video\/mp4' \/>\n\t\t\n\t\t\n\t<\/video>\n\t<!-- End Video.js -->\n\r\n<h1>M\u00e9thodologie pour faire son point m\u00e9t\u00e9o en parapente.<\/h1>\r\n<p>Vid\u00e9o r\u00e9alis\u00e9e par Arthur Meyer.<\/p>\r\n<p><iframe loading=\"lazy\" title=\"M\u00e9thodologie pour faire son point m\u00e9t\u00e9o en Parapente !\" width=\"525\" height=\"295\" src=\"https:\/\/www.youtube.com\/embed\/pGOzhOty8Vk?feature=oembed\" frameborder=\"0\" allow=\"accelerometer; autoplay; clipboard-write; encrypted-media; gyroscope; picture-in-picture; web-share\" referrerpolicy=\"strict-origin-when-cross-origin\" allowfullscreen><\/iframe><\/p>\r\n\r\n<p>&nbsp;<\/p>\r\n","protected":false},"excerpt":{"rendered":"<p>Les AEC \u00e9taient au championnat d&rsquo;Europe 2024 de pr\u00e9cision d&rsquo;atterrissage Initiation au parapente organis\u00e9e par le club pour les jeunes de Voreppe le 30 Aout 2024 Montage r\u00e9alis\u00e9 par Xavier RIVET. Allez vous son site You tube pour une vid\u00e9o avec une meilleure r\u00e9solution. M\u00e9thodologie pour faire son point m\u00e9t\u00e9o en parapente. Vid\u00e9o r\u00e9alis\u00e9e par &hellip; <\/p>\n<p class=\"link-more\"><a href=\"https:\/\/www.lesarcsenciel.fr\/AeC\/les-medias\/videos\/\" class=\"more-link\">Continuer la lecture<span class=\"screen-reader-text\"> de &laquo;&nbsp;Vid\u00e9os&nbsp;&raquo;<\/span><\/a><\/p>\n","protected":false},"author":2,"featured_media":0,"parent":9999,"menu_order":0,"comment_status":"closed","ping_status":"closed","template":"","meta":{"_seopress_robots_primary_cat":"","_seopress_titles_title":"","_seopress_titles_desc":"","_seopress_robots_index":"","footnotes":""},"class_list":["post-9620","page","type-page","status-publish","hentry"],"_links":{"self":[{"href":"https:\/\/www.lesarcsenciel.fr\/AeC\/wp-json\/wp\/v2\/pages\/9620","targetHints":{"allow":["GET"]}}],"collection":[{"href":"https:\/\/www.lesarcsenciel.fr\/AeC\/wp-json\/wp\/v2\/pages"}],"about":[{"href":"https:\/\/www.lesarcsenciel.fr\/AeC\/wp-json\/wp\/v2\/types\/page"}],"author":[{"embeddable":true,"href":"https:\/\/www.lesarcsenciel.fr\/AeC\/wp-json\/wp\/v2\/users\/2"}],"replies":[{"embeddable":true,"href":"https:\/\/www.lesarcsenciel.fr\/AeC\/wp-json\/wp\/v2\/comments?post=9620"}],"version-history":[{"count":14,"href":"https:\/\/www.lesarcsenciel.fr\/AeC\/wp-json\/wp\/v2\/pages\/9620\/revisions"}],"predecessor-version":[{"id":9835,"href":"https:\/\/www.lesarcsenciel.fr\/AeC\/wp-json\/wp\/v2\/pages\/9620\/revisions\/9835"}],"up":[{"embeddable":true,"href":"https:\/\/www.lesarcsenciel.fr\/AeC\/wp-json\/wp\/v2\/pages\/9999"}],"wp:attachment":[{"href":"https:\/\/www.lesarcsenciel.fr\/AeC\/wp-json\/wp\/v2\/media?parent=9620"}],"curies":[{"name":"wp","href":"https:\/\/api.w.org\/{rel}","templated":true}]}}