{"id":2145,"date":"2012-06-17T21:20:57","date_gmt":"2012-06-17T20:20:57","guid":{"rendered":"http:\/\/lesarcsenciel.fr\/AeC\/?page_id=2145"},"modified":"2025-06-22T11:08:33","modified_gmt":"2025-06-22T09:08:33","slug":"meteo","status":"publish","type":"page","link":"https:\/\/www.lesarcsenciel.fr\/AeC\/outils\/meteo\/","title":{"rendered":"M\u00e9t\u00e9o"},"content":{"rendered":"<p>Voici quelques liens pour vous decider plus facilement :<\/p>\n<ul>\n<li>Nos balises\n<ul>\n<li><a href=\"https:\/\/pioupiou.com\/fr\/111\" target=\"_blank\" rel=\"noopener noreferrer\">Att\u00e9ro de Chalais<\/a><\/li>\n<li><a href=\"https:\/\/www.balisemeteo.com\/balise.php?idBalise=187\" target=\"_blank\" rel=\"noopener noreferrer\">D\u00e9collage de Montaud<\/a><\/li>\n<li><a href=\"https:\/\/www.balisemeteo.com\/balise.php?idBalise=16\" target=\"_blank\" rel=\"noopener noreferrer\">D\u00e9colage du Grand Ratz<\/a><\/li>\n<\/ul>\n<\/li>\n<\/ul>\n<ul>\n<li>M\u00e9t\u00e9o G\u00e9n\u00e9rale\n<ul>\n<li><a href=\"https:\/\/meteofrance.com\/previsions-meteo-france\/voreppe\/38340\" target=\"_blank\" rel=\"noopener noreferrer\">M\u00e9t\u00e9o France<\/a><\/li>\n<li><a href=\"https:\/\/www.meteoblue.com\/fr\/meteo\/semaine\/voreppe_france_2967695\" target=\"_blank\" rel=\"noopener noreferrer\">M\u00e9t\u00e9o Blue<\/a><\/li>\n<li><a href=\"http:\/\/mto38.free.fr\/\" target=\"_blank\" rel=\"noopener noreferrer\">Caplain<\/a><\/li>\n<\/ul>\n<\/li>\n<\/ul>\n<ul>\n<li>M\u00e9t\u00e9o Parapente\n<ul>\n<li><a href=\"http:\/\/www.balisemeteo.com\/depart.php?dept=38\" target=\"_blank\" rel=\"noopener noreferrer\">Balises FFVL<\/a><\/li>\n<li><a href=\"http:\/\/meteo-parapente.com\" target=\"_blank\" rel=\"noopener noreferrer\">M\u00e9t\u00e9-parapente<\/a><\/li>\n<\/ul>\n<\/li>\n<\/ul>\n","protected":false},"excerpt":{"rendered":"<p>Voici quelques liens pour vous decider plus facilement : Nos balises Att\u00e9ro de Chalais D\u00e9collage de Montaud D\u00e9colage du Grand Ratz M\u00e9t\u00e9o G\u00e9n\u00e9rale M\u00e9t\u00e9o France M\u00e9t\u00e9o Blue Caplain M\u00e9t\u00e9o Parapente Balises FFVL M\u00e9t\u00e9-parapente<\/p>\n","protected":false},"author":2,"featured_media":0,"parent":9662,"menu_order":0,"comment_status":"closed","ping_status":"open","template":"","meta":{"_seopress_robots_primary_cat":"","_seopress_titles_title":"","_seopress_titles_desc":"","_seopress_robots_index":"","footnotes":""},"class_list":["post-2145","page","type-page","status-publish","hentry"],"_links":{"self":[{"href":"https:\/\/www.lesarcsenciel.fr\/AeC\/wp-json\/wp\/v2\/pages\/2145","targetHints":{"allow":["GET"]}}],"collection":[{"href":"https:\/\/www.lesarcsenciel.fr\/AeC\/wp-json\/wp\/v2\/pages"}],"about":[{"href":"https:\/\/www.lesarcsenciel.fr\/AeC\/wp-json\/wp\/v2\/types\/page"}],"author":[{"embeddable":true,"href":"https:\/\/www.lesarcsenciel.fr\/AeC\/wp-json\/wp\/v2\/users\/2"}],"replies":[{"embeddable":true,"href":"https:\/\/www.lesarcsenciel.fr\/AeC\/wp-json\/wp\/v2\/comments?post=2145"}],"version-history":[{"count":6,"href":"https:\/\/www.lesarcsenciel.fr\/AeC\/wp-json\/wp\/v2\/pages\/2145\/revisions"}],"predecessor-version":[{"id":9794,"href":"https:\/\/www.lesarcsenciel.fr\/AeC\/wp-json\/wp\/v2\/pages\/2145\/revisions\/9794"}],"up":[{"embeddable":true,"href":"https:\/\/www.lesarcsenciel.fr\/AeC\/wp-json\/wp\/v2\/pages\/9662"}],"wp:attachment":[{"href":"https:\/\/www.lesarcsenciel.fr\/AeC\/wp-json\/wp\/v2\/media?parent=2145"}],"curies":[{"name":"wp","href":"https:\/\/api.w.org\/{rel}","templated":true}]}}